  {"id":48478,"date":"2024-01-18T23:52:50","date_gmt":"2024-01-19T03:52:50","guid":{"rendered":"https:\/\/remote-expeditions.com\/?p=48478"},"modified":"2026-04-17T00:00:27","modified_gmt":"2026-04-17T05:00:27","slug":"celebrites-de-lile-de-madere-personnages-les-plus-celebres-politiciens-chanteurs-acteurs-etc","status":"publish","type":"travel-guide","link":"https:\/\/remote-expeditions.com\/fr\/guide-de-voyage\/celebrites-de-lile-de-madere-personnages-les-plus-celebres-politiciens-chanteurs-acteurs-etc\/","title":{"rendered":"C\u00e9l\u00e9brit\u00e9s de l'\u00eele de Mad\u00e8re : Personnages les plus c\u00e9l\u00e8bres, politiciens, chanteurs, acteurs, etc..."},"content":{"rendered":"<h2>Madeira&#8217;s Global Stage: More Than Just a Beautiful Island<\/h2>\n<h3>Pourquoi cette petite \u00eele produit de grands noms<\/h3>\n<p>At first glance, Madeira is an island of breathtaking landscapes and tranquil charm. Yet, beneath its serene surface lies a dynamic spirit that has consistently produced individuals of global renown. This phenomenon isn&#8217;t accidental. The island&#8217;s history as a strategic outpost in the Atlantic created a unique cultural melting pot, fostering resilience and an outward-looking perspective. For centuries, Madeirans have been navigators, traders, and emigrants, cultivating a quiet ambition. This, combined with a fierce sense of local pride and a strong, distinct identity, creates fertile ground for talent to flourish, driven by the desire to represent their small island on the world&#8217;s largest stages.<\/p>\n<h3>The Island&#8217;s Most Famous Son: Cristiano Ronaldo<\/h3>\n<p>When discussing famous Madeirans, one name inevitably stands above all others, a figure who has become synonymous with both sporting excellence and the island itself. Cristiano Ronaldo is not just a football superstar; he is Madeira&#8217;s most prominent ambassador, a living symbol of the island&#8217;s potential for greatness.<\/p>\n<h3>Une L\u00e9gende Forg\u00e9e \u00e0 Funchal<\/h3>\n<p class=\"translation-block\">L'histoire de <strong>Cristiano Ronaldo<\/strong> commence dans l'humble quartier de Santo Ant\u00f3nio \u00e0 Funchal. C'est dans les rues et sur les terrains modestes de l'\u00eele que son talent extraordinaire a \u00e9t\u00e9 pour la premi\u00e8re fois nourri. Il a commenc\u00e9 son parcours en jouant pour des clubs de jeunes locaux, d'abord avec Andorinha et plus tard avec le plus important C.D. Nacional. D\u00e9j\u00e0 \u00e0 cette \u00e9poque, sa d\u00e9termination \u00e9tait \u00e9vidente, un pr\u00e9lude \u00e0 la volont\u00e9 implacable qui allait d\u00e9finir sa carri\u00e8re. \u00c0 partir de ces d\u00e9buts, il a d\u00e9m\u00e9nag\u00e9 sur le continent pour jouer pour le Sporting CP, un transfert qui allait le lancer sur une trajectoire de superstar mondiale avec des clubs comme Manchester United, le Real Madrid et la Juventus.<\/p>\n<p class=\"translation-block\">Malgr\u00e9 sa renomm\u00e9e internationale, le lien de Ronaldo avec sa terre natale reste profond\u00e9ment ancr\u00e9 et visible. Il a tiss\u00e9 son h\u00e9ritage dans la trame m\u00eame de l'\u00eele. Les visiteurs peuvent retracer son histoire au <strong>Museu CR7<\/strong>, un mus\u00e9e moderne sur le front de mer de Funchal d\u00e9di\u00e9 \u00e0 sa vie et \u00e0 ses innombrables r\u00e9alisations. \u00c0 proximit\u00e9, l'h\u00f4tel <strong>Pestana CR7 Funchal<\/strong>, fruit d'un partenariat avec le groupe h\u00f4telier mad\u00e9rien, t\u00e9moigne de son lien entrepreneurial avec l'\u00eele. Peut-\u00eatre l'hommage le plus significatif est le changement de nom de l'a\u00e9roport international en <strong>Cristiano Ronaldo International Airport<\/strong>, un honneur qui immortalise son attachement \u00e0 Mad\u00e8re et rappelle \u00e0 chaque visiteur le fils le plus c\u00e9l\u00e8bre de l'\u00eele.<\/p>\n<h2>L\u00e9gendes du Sport : Au-del\u00e0 de CR7<\/h2>\n<p>While Cristiano Ronaldo is undoubtedly Madeira&#8217;s most famous export, the island&#8217;s reputation for producing world-class competitors extends far beyond the football pitch. The same drive and resilience found in the island&#8217;s rugged landscape seem to be instilled in its people, nurturing a surprisingly deep well of sporting talent. Madeira&#8217;s sporting prowess is a story of diverse disciplines and dedicated individuals who have made their mark on the international stage.<\/p>\n<h3>Talent Footballistique<\/h3>\n<p>The island&#8217;s passion for football has cultivated several other notable players who have enjoyed successful professional careers. These athletes followed a similar path, honing their skills in local clubs before moving to the mainland and beyond. We&#8217;ve detailed how <a href=\"https:\/\/remote-expeditions.com\/fr\/guide-de-voyage\/transport-sur-lile-de-madere-comment-se-deplacer\/\">se d\u00e9placer \u00e0 Madeira<\/a> can be part of your adventure.<\/p>\n<p class=\"translation-block\">L'un des plus \u00e9minents est <strong>Danny<\/strong> (Daniel Miguel Alves Gomes), un habile milieu offensif devenu une l\u00e9gende au club russe du Zenit Saint-P\u00e9tersbourg, o\u00f9 il a \u00e9t\u00e9 capitaine et a remport\u00e9 de nombreux titres. N\u00e9 au Venezuela de parents mad\u00e9riens, il est retourn\u00e9 sur l'\u00eele \u00e0 l'adolescence pour jouer au C.S. Mar\u00edtimo, lan\u00e7ant une carri\u00e8re qui l'a \u00e9galement vu repr\u00e9senter l'\u00e9quipe nationale portugaise.<\/p>\n<p class=\"translation-block\">Une autre figure cl\u00e9 est <strong>R\u00faben Micael<\/strong>, un milieu de terrain central qui s'est distingu\u00e9 au C.D. Nacional avant d'\u00eatre transf\u00e9r\u00e9 au g\u00e9ant portugais FC Porto. L\u00e0-bas, il a fait partie d'une \u00e9quipe qui a remport\u00e9 la Ligue Europa de l'UEFA en 2011. Comme Danny, il a \u00e9galement \u00e9t\u00e9 s\u00e9lectionn\u00e9 en \u00e9quipe nationale, prouvant que le vivier footballistique de Mad\u00e8re est une source constante de talent.<\/p>\n<h3>Champions dans d'Autres Domaines<\/h3>\n<p>Madeira&#8217;s athletic excellence is not confined to one sport. The island has produced champions in a variety of arenas, demonstrating a broader culture of competitive success.<\/p>\n<p class=\"translation-block\">Dans le monde du tennis de table, <strong>Marcos Freitas<\/strong> se distingue comme l'un des meilleurs joueurs europ\u00e9ens. Olympien \u00e0 plusieurs reprises, il est une force dominante sur le circuit international depuis des ann\u00e9es, remportant des Championnats d'Europe et se classant r\u00e9guli\u00e8rement parmi les meilleurs au monde. Ses r\u00e9flexes \u00e9clairs et son style puissant t\u00e9moignent du d\u00e9vouement n\u00e9cessaire pour atteindre le sommet d'un sport mondial, apportant fiert\u00e9 et reconnaissance \u00e0 son \u00eele natale.<\/p>\n<p class=\"translation-block\">Dans le monde comp\u00e9titif de la haute couture, <strong>F\u00e1tima Lopes<\/strong>, originaire de Mad\u00e8re, a acquis une renomm\u00e9e mondiale. Bien qu'elle ne soit pas une athl\u00e8te traditionnelle, son parcours de Funchal \u00e0 devenir la premi\u00e8re designer portugaise \u00e0 pr\u00e9senter ses cr\u00e9ations \u00e0 la Paris Fashion Week exige une d\u00e9termination comp\u00e9titive, une discipline et une qu\u00eate d'excellence similaires. Son succ\u00e8s sur la sc\u00e8ne de la mode la plus exigeante au monde fait d'elle une ic\u00f4ne c\u00e9l\u00e8bre et un exemple puissant de l'ambition mad\u00e9rienne dans le domaine cr\u00e9atif.<\/p>\n<h2>L'Ar\u00e8ne Politique : Les Leaders Qui Ont Fa\u00e7onn\u00e9 l'Archipel<\/h2>\n<p>Beyond the football pitches and concert halls, Madeira&#8217;s identity has been profoundly shaped by its political figures. These leaders have navigated the complexities of the island&#8217;s autonomy, overseeing its transformation into the modern archipelago we see today. Their influence is written into the very landscape, from the advanced road networks to the policies that guide its future.<\/p>\n<h3>Alberto Jo\u00e3o Jardim: The Long-Serving President<\/h3>\n<p class=\"translation-block\">Pendant pr\u00e8s de quatre d\u00e9cennies, de 1978 \u00e0 2015, la vie politique de Mad\u00e8re a \u00e9t\u00e9 synonyme d'un seul nom : <strong>Alberto Jo\u00e3o Jardim<\/strong>. En tant que pr\u00e9sident du gouvernement r\u00e9gional, il \u00e9tait une figure dominante et souvent controvers\u00e9e qui exer\u00e7ait une influence immense. Son long mandat a \u00e9t\u00e9 marqu\u00e9 par une d\u00e9fense fervente de l'autonomie de Mad\u00e8re vis-\u00e0-vis du Portugal continental et un vaste programme de travaux publics. Le vaste r\u00e9seau de tunnels, d'autoroutes et d'infrastructures modernes dont les visiteurs b\u00e9n\u00e9ficient aujourd'hui est un h\u00e9ritage direct de sa pr\u00e9sidence. Bien que ses m\u00e9thodes et son style politique aient suscit\u00e9 un d\u00e9bat consid\u00e9rable, son impact sur le d\u00e9veloppement physique et politique de Mad\u00e8re moderne est ind\u00e9niable.<\/p>\n<h3>Miguel Albuquerque : Le Leader Moderne<\/h3>\n<p class=\"translation-block\">Apr\u00e8s l'\u00e8re de Jardim, <strong>Miguel Albuquerque<\/strong> a pris le r\u00f4le de Pr\u00e9sident du Gouvernement R\u00e9gional. Ayant pr\u00e9c\u00e9demment servi comme Maire de Funchal, Albuquerque repr\u00e9sente un nouveau chapitre dans la politique madeirienne. Son leadership se concentre sur la diversification de l'\u00e9conomie de l'\u00eele au-del\u00e0 du tourisme traditionnel, avec un accent sur la technologie, les affaires internationales et le d\u00e9veloppement durable. Sa vision vise \u00e0 \u00e9quilibrer la pr\u00e9servation du patrimoine naturel unique de Mad\u00e8re avec la n\u00e9cessit\u00e9 d'une innovation \u00e9conomique, guidant le chemin de l'archipel au 21\u00e8me si\u00e8cle et continuant \u00e0 affirmer son identit\u00e9 distincte sur la sc\u00e8ne europ\u00e9enne.<\/p>\n<h2>Historical Icons: Enduring Characters from Madeira&#8217;s Past<\/h2>\n<p>Long before it became a celebrated holiday destination, Madeira&#8217;s history was shaped by remarkable individuals. From the intrepid explorers who first set foot on its volcanic shores to the exiled European royalty who sought solace here, the island&#8217;s story is rich with compelling characters whose legacies endure in its landmarks and culture.<\/p>\n<h3>Les D\u00e9couvreurs et Pionniers<\/h3>\n<h4>Jo\u00e3o Gon\u00e7alves Zarco<\/h4>\n<p class=\"translation-block\">Chaque histoire a un commencement, et celle de Mad\u00e8re commence avec <strong>Jo\u00e3o Gon\u00e7alves Zarco<\/strong>. Chevalier au service du prince Henri le Navigateur, Zarco est la figure fondatrice de l'archipel. Au d\u00e9but du XVe si\u00e8cle, vers 1419, lui et son compagnon navigateur Trist\u00e3o Vaz Teixeira furent envoy\u00e9s pour explorer la c\u00f4te africaine. D\u00e9rout\u00e9s par une temp\u00eate, ils trouv\u00e8rent refuge sur une \u00eele qu'ils nomm\u00e8rent Porto Santo (\u00ab Port Saint \u00bb). De l\u00e0, ils aper\u00e7urent un nuage sombre et immobile \u00e0 l'horizon. En voguant vers lui, ils d\u00e9couvrirent une \u00eele plus grande et luxuriante, si dens\u00e9ment bois\u00e9e qu'ils la nomm\u00e8rent Madeira, le mot portugais pour \u00ab bois \u00bb.<\/p>\n<p>Zarco was appointed the first captain-major of Funchal, tasked with settling and developing the new territory. His leadership laid the groundwork for the island&#8217;s society and economy, introducing sugar cane cultivation and the intricate system of <a href=\"https:\/\/remote-expeditions.com\/fr\/guide-de-voyage\/meilleures-randonnees-sur-lile-de-madere\/\">levadas<\/a>. Aujourd'hui, sa pr\u00e9sence est immortalis\u00e9e au c\u0153ur de la capitale ; une imposante statue en bronze de Zarco se dresse sur l'<i>Avenida Arriaga<\/i>, un hommage permanent \u00e0 l'homme qui a transform\u00e9 une \u00eele sauvage et inhabit\u00e9e en un avant-poste portugais prosp\u00e8re.<\/p>\n<h3>Royalty and Nobility in Exile<\/h3>\n<p>Avec son climat temp\u00e9r\u00e9 et son isolement serein, Mad\u00e8re est devenue un sanctuaire privil\u00e9gi\u00e9 pour les \u00e9lites europ\u00e9ennes confront\u00e9es \u00e0 des troubles politiques ou \u00e0 une mauvaise sant\u00e9. L'\u00eele offrait une retraite paisible et distingu\u00e9e, ajoutant une touche de glamour imp\u00e9rial \u00e0 son histoire.<\/p>\n<h4>L'imp\u00e9ratrice Sisi d'Autriche<\/h4>\n<p class=\"translation-block\">La belle et agit\u00e9e <strong>Imp\u00e9ratrice Elisabeth d'Autriche<\/strong>, surnomm\u00e9e \u00ab Sisi \u00bb, fut l'une des visiteuses royales les plus c\u00e9l\u00e8bres de Mad\u00e8re. Cherchant un rem\u00e8de \u00e0 une grave affection respiratoire et une \u00e9chappatoire aux formalit\u00e9s \u00e9touffantes de la cour des Habsbourg \u00e0 Vienne, elle arriva sur l'\u00eele en 1860. Elle trouva refuge \u00e0 la Quinta Vigia, un magnifique domaine surplombant la baie de Funchal. Son s\u00e9jour de six mois, rempli de longues promenades et d'excursions en bateau, non seulement am\u00e9liora sa sant\u00e9 mais aussi confirma la r\u00e9putation de Mad\u00e8re en tant que station thermale de classe mondiale. La quinta d'origine a disparu, mais le terrain fait d\u00e9sormais partie de la Quinta Vigia, la r\u00e9sidence officielle du Pr\u00e9sident du Gouvernement R\u00e9gional, o\u00f9 une statue de l'imp\u00e9ratrice regarde vers la mer, comm\u00e9morant son s\u00e9jour r\u00e9parateur.<\/p>\n<h4>Charles I<sup>er<\/sup> d'Autriche<\/h4>\n<p class=\"translation-block\">L'histoire du dernier exil royal de Mad\u00e8re est plus tragique. <strong>Charles Ier d'Autriche<\/strong>, le dernier souverain du vaste Empire austro-hongrois, fut exil\u00e9 sur l'\u00eele en 1921 apr\u00e8s deux tentatives infructueuses de reprendre son tr\u00f4ne en Hongrie. Il arriva avec son \u00e9pouse, l'imp\u00e9ratrice Zita, et leurs enfants, vivant dans la pauvret\u00e9 dans une villa des collines de Monte. Le climat humide de l'hiver s'av\u00e9ra fatal pour l'empereur, qui contracta une pneumonie et mourut en 1922 \u00e0 seulement 34 ans. V\u00e9n\u00e9r\u00e9 pour sa foi profonde et ses efforts pour parvenir \u00e0 la paix pendant la Premi\u00e8re Guerre mondiale, il fut b\u00e9atifi\u00e9 par le pape Jean-Paul II en 2004. Aujourd'hui, le bienheureux Charles d'Autriche repose dans un tombeau \u00e0 l'int\u00e9rieur de l'<a href=\"https:\/\/remote-expeditions.com\/fr\/guide-de-voyage\/lieux-hors-des-sentiers-battus-a-visiter-sur-lile-de-madere\/\">\u00e9glise Notre-Dame de Monte<\/a>, devenue un lieu de p\u00e8lerinage, avec des c\u00e9r\u00e9monies annuelles honorant la m\u00e9moire de l'empereur qui acheva ses jours sur l'\u00eele.<\/p>\n<h2>The Sound of the Island: Madeira&#8217;s Musical Talents<\/h2>\n<p class=\"translation-block\">La culture vibrante de Madeira ne se ressent pas seulement \u00e0 travers ses <a href=\"https:\/\/remote-expeditions.com\/fr\/guide-de-voyage\/meilleurs-festivals-carnavals-de-lile-de-madere\/\">festivals<\/a> et ses paysages ; elle poss\u00e8de une pulsation musicale distincte. Le riche patrimoine de l'\u00eele, incarn\u00e9 par la musique et la danse folklorique traditionnelle du <strong>Bailinho da Madeira<\/strong>, a offert un terrain fertile aux artistes qui ont port\u00e9 la voix de l'\u00eele bien au-del\u00e0 de ses fronti\u00e8res.<\/p>\n<h3>Voix sur la sc\u00e8ne europ\u00e9enne<\/h3>\n<h4>V\u00e2nia Fernandes<\/h4>\n<p class=\"translation-block\">N\u00e9e \u00e0 Funchal, <strong>V\u00e2nia Fernandes<\/strong> est l'une des chanteuses modernes les plus c\u00e9l\u00e8bres de Mad\u00e8re. Elle a apport\u00e9 une immense fiert\u00e9 \u00e0 l'\u00eele lorsqu'elle a repr\u00e9sent\u00e9 le Portugal au Concours Eurovision de la chanson en 2008. Sa performance puissante et \u00e9mouvante de \"Senhora do Mar (Negras \u00c1guas)\" a captiv\u00e9 les publics \u00e0 travers l'Europe. Avec une voix qui allie sans effort l'\u00e9motion dramatique du Fado aux sensibilit\u00e9s pop contemporaines, Fernandes demeure un symbole puissant du talent artistique mad\u00e9rien sur la sc\u00e8ne internationale.<\/p>\n<h3>Artistes Contemporains et Traditionnels<\/h3>\n<p>Au-del\u00e0 de la sc\u00e8ne de l'Eurovision, Mad\u00e8re a cultiv\u00e9 une gamme diversifi\u00e9e de talents musicaux qui ont apport\u00e9 des contributions significatives \u00e0 la musique portugaise et internationale.<\/p>\n<p class=\"translation-block\">Un nom tr\u00e8s respect\u00e9 dans l'industrie musicale mondiale est <strong>Lu\u00eds Jardim<\/strong>. Bien qu'il ne soit pas toujours sous les projecteurs lui-m\u00eame, ce producteur, arrangeur et multi-instrumentiste originaire de Mad\u00e8re a \u00e9t\u00e9 une force cr\u00e9ative derri\u00e8re certaines des plus grandes stars mondiales. Son impressionnant palmar\u00e8s comprend des collaborations avec des artistes comme les Rolling Stones, Paul McCartney et Tina Turner, ce qui fait de lui l'une des exportations musicales les plus r\u00e9ussies, bien que moins connues, de l'\u00eele.<\/p>\n<p class=\"translation-block\">Plus r\u00e9cemment, <strong>Elisa Silva<\/strong> a perp\u00e9tu\u00e9 l'h\u00e9ritage de Mad\u00e8re en produisant des chanteurs exceptionnels en remportant le prestigieux concours national de musique portugais, le Festival da Can\u00e7\u00e3o, en 2020. Sa victoire avec la chanson \u00ab Medo de Sentir \u00bb a confirm\u00e9 que l'\u00eele reste une source de talents musicaux frais et captivants pour la nation.<\/p>\n<h2>De Funchal au grand \u00e9cran : Acteurs aux racines mad\u00e9riennes<\/h2>\n<p>While Madeira is more famous for its athletes and politicians, the island&#8217;s creative spirit has also found expression on stage and screen. The dramatic landscapes and rich cultural history provide a compelling backdrop for storytelling, and a few notable individuals have carried that narrative talent to national and international audiences.<\/p>\n<h3>Madeiran Talent dans le Film et la T\u00e9l\u00e9vision<\/h3>\n<p>Le monde du cin\u00e9ma et du th\u00e9\u00e2tre n'est peut-\u00eatre pas la premi\u00e8re chose qui vient \u00e0 l'esprit lorsqu'on pense aux c\u00e9l\u00e9brit\u00e9s mad\u00e9riennes, mais l'\u00eele a produit de v\u00e9ritables stars. Bien que vous ne trouviez pas une longue liste de stars hollywoodiennes actuelles n\u00e9es \u00e0 <a href=\"https:\/\/remote-expeditions.com\/fr\/guide-de-voyage\/lieux-hors-des-sentiers-battus-a-visiter-sur-lile-de-madere\/\">Funchal<\/a>, the island&#8217;s contribution to the performing arts, particularly within the Portuguese-speaking world, is significant.<\/p>\n<p class=\"translation-block\">Peut-\u00eatre l'exemple le plus marquant est <strong>Virg\u00edlio Teixeira<\/strong> (1917-2010). N\u00e9 \u00e0 Funchal, Teixeira est devenu l'un des grands premiers r\u00f4les du cin\u00e9ma portugais et espagnol au milieu du XXe si\u00e8cle. Sa pr\u00e9sence imposante et son classique beau visage ont men\u00e9 \u00e0 une carri\u00e8re prolifique avec plus de 90 films \u00e0 son actif. Il a \u00e9galement perc\u00e9 sur la sc\u00e8ne internationale, apparaissant dans des productions hollywoodiennes aux c\u00f4t\u00e9s de Kirk Douglas dans <em>The Devil\u2019s Disciple<\/em> et Charlton Heston dans le film \u00e9pique <em>El Cid<\/em>. Son parcours de l'\u00eele aux plateaux de tournage mondiaux reste un puissant motif de fiert\u00e9.<\/p>\n<p class=\"translation-block\">Une autre figure notable d'une \u00e9poque ant\u00e9rieure \u00e9tait <strong>Maria Jos\u00e9 de Abreu<\/strong> (1894-1971), affectueusement surnomm\u00e9e \u00ab Mimi \u00bb. \u00c9galement originaire de Funchal, elle \u00e9tait une actrice et chanteuse c\u00e9l\u00e8bre des premiers jours du th\u00e9\u00e2tre de <em>Revista<\/em> portugais et du cin\u00e9ma muet, une v\u00e9ritable star de son temps. Bien que ces noms appartiennent \u00e0 une \u00e9poque classique, ils d\u00e9montrent que le talent artistique de l'\u00eele n'est pas un ph\u00e9nom\u00e8ne r\u00e9cent, et de nombreux artistes contemporains au Portugal aujourd'hui peuvent retracer une partie de leur h\u00e9ritage familial jusqu'aux rives de Mad\u00e8re.<\/p>\n<h2>The Island&#8217;s Famous Admirers: Celebrities Who Chose Madeira<\/h2>\n<p>Beyond the homegrown talent that has emerged from its volcanic soil, Madeira has long held a magnetic appeal for international figures. For centuries, artists, writers, royalty, and statesmen have been drawn to its serene landscapes and temperate climate, seeking refuge, inspiration, or simply a tranquil escape. These famous visitors have, in turn, woven their own stories into the island&#8217;s rich cultural tapestry.<\/p>\n<h3>Winston Churchill : Le Premier Ministre Peintre<\/h3>\n<p class=\"translation-block\">Peut-\u00eatre l'admirateur le plus c\u00e9l\u00e8bre de l'\u00eele \u00e9tait le Premier ministre britannique, <strong>Sir Winston Churchill<\/strong>. En 1950, cherchant des vacances paisibles apr\u00e8s les rigueurs de la guerre et de la politique, il se rendit \u00e0 Madeira. Sa visite n'\u00e9tait pas diplomatique mais pour le plaisir, sp\u00e9cifiquement pour assouvir sa passion pour la peinture.<\/p>\n<p class=\"translation-block\">Lors de son s\u00e9jour \u00e0 l'embl\u00e9matique <a href=\"https:\/\/remote-expeditions.com\/fr\/guide-de-voyage\/logement-dans-lile-de-madere\/\">Reid\u2019s Palace Hotel<\/a>, Churchill trouva sa muse principale dans le charmant village de p\u00eacheurs de <strong>C\u00e2mara de Lobos<\/strong>. Il fut captiv\u00e9 par la baie pittoresque, avec ses bateaux de p\u00eache color\u00e9s dansant dans le port sur fond de collines en terrasses. Il installa son chevalet \u00e0 un point de vue surplombant le village et passa des heures \u00e0 capturer la sc\u00e8ne sur la toile. L'endroit est d\u00e9sormais connu sous le nom de \u00ab Winston Churchill Viewpoint \u00bb en son honneur. Sa visite a g\u00e9n\u00e9r\u00e9 une immense publicit\u00e9 internationale, cimentant l'image de Mad\u00e8re comme une destination sophistiqu\u00e9e, <a href=\"https:\/\/remote-expeditions.com\/fr\/guide-de-voyage\/securite-dans-lile-de-madere-conseils-pour-les-nouveaux-voyageurs\/\">s\u00fbre<\/a> et magnifique. Ce fut un sceau d'approbation qui a consid\u00e9rablement rehauss\u00e9 le profil de l'\u00eele et attir\u00e9 une nouvelle vague de touristes de haut profil pour les d\u00e9cennies \u00e0 venir.<\/p>\n<h3>Autres visiteurs et r\u00e9sidents notables<\/h3>\n<p>Churchill was far from the only famous figure to fall under Madeira&#8217;s spell. The island&#8217;s history is dotted with visits from luminaries of all fields, each leaving a small mark.<\/p>\n<ul>\n<li class=\"translation-block\"><strong>George Bernard Shaw<\/strong>, le brillant dramaturge irlandais et laur\u00e9at du prix Nobel, a visit\u00e9 l'\u00eele dans les ann\u00e9es 1920. Ne se contentant pas de simplement se d\u00e9tendre, le toujours curieux Shaw a pris des cours de danse au Reid\u2019s Palace, d\u00e9termin\u00e9 \u00e0 ma\u00eetriser le tango.<\/li>\n<li class=\"translation-block\">La glamour hollywoodienne est arriv\u00e9e avec l'acteur <strong>Gregory Peck<\/strong>, venu \u00e0 Mad\u00e8re pour tourner des sc\u00e8nes de l'adaptation cin\u00e9matographique de <em>Moby Dick<\/em> par John Huston en 1956. La c\u00f4te dramatique de l'\u00eele a servi de substitut convaincant aux rivages accident\u00e9s de l'histoire.<\/li>\n<\/ul>\n<p>La tradition se poursuit aujourd'hui. Bien que souvent plus discr\u00e8tement, Mad\u00e8re reste une destination de vacances pris\u00e9e des c\u00e9l\u00e9brit\u00e9s contemporaines, des politiciens et des artistes du monde entier. Ils sont attir\u00e9s par les m\u00eames qualit\u00e9s qui ont s\u00e9duit Churchill et Shaw : un sentiment de paix, une beaut\u00e9 naturelle incomparable et une \u00e9l\u00e9gance discr\u00e8te qui permet une \u00e9vasion authentique loin des pressions de la vie publique.<\/p>","protected":false},"excerpt":{"rendered":"<p>Explorez le pouvoir des stars de Mad\u00e8re : de l'h\u00e9ritage de Ronaldo aux talents \u00e9mergents en politique et dans les arts.<\/p>","protected":false},"featured_media":48498,"template":"","meta":{"_acf_changed":false,"_seopress_robots_primary_cat":"","_seopress_titles_title":"Celebrities of Madeira Island: Most famous characters, Politicians, Singers, Actors, etc&#8230;","_seopress_titles_desc":"Explore Madeira's star power: from Ronaldo's legacy to rising talents in politics and arts.","_seopress_robots_index":""},"tags":[28105,28104,27075],"article-type":[24796],"collection":[],"continent":[24756],"country":[24733],"class_list":["post-48478","travel-guide","type-travel-guide","status-publish","has-post-thumbnail","hentry","tag-famous-people-from-madeira","tag-madeira-celebrities","tag-madeira-island","article-type-culture","continent-europe","country-portugal"],"acf":[],"_links":{"self":[{"href":"https:\/\/remote-expeditions.com\/fr\/wp-json\/wp\/v2\/travel-guide\/48478","targetHints":{"allow":["GET"]}}],"collection":[{"href":"https:\/\/remote-expeditions.com\/fr\/wp-json\/wp\/v2\/travel-guide"}],"about":[{"href":"https:\/\/remote-expeditions.com\/fr\/wp-json\/wp\/v2\/types\/travel-guide"}],"wp:featuredmedia":[{"embeddable":true,"href":"https:\/\/remote-expeditions.com\/fr\/wp-json\/wp\/v2\/media\/48498"}],"wp:attachment":[{"href":"https:\/\/remote-expeditions.com\/fr\/wp-json\/wp\/v2\/media?parent=48478"}],"wp:term":[{"taxonomy":"post_tag","embeddable":true,"href":"https:\/\/remote-expeditions.com\/fr\/wp-json\/wp\/v2\/tags?post=48478"},{"taxonomy":"article-type","embeddable":true,"href":"https:\/\/remote-expeditions.com\/fr\/wp-json\/wp\/v2\/article-type?post=48478"},{"taxonomy":"collection","embeddable":true,"href":"https:\/\/remote-expeditions.com\/fr\/wp-json\/wp\/v2\/collection?post=48478"},{"taxonomy":"continent","embeddable":true,"href":"https:\/\/remote-expeditions.com\/fr\/wp-json\/wp\/v2\/continent?post=48478"},{"taxonomy":"country","embeddable":true,"href":"https:\/\/remote-expeditions.com\/fr\/wp-json\/wp\/v2\/country?post=48478"}],"curies":[{"name":"wp","href":"https:\/\/api.w.org\/{rel}","templated":true}]}}